{"id":2411,"date":"2023-10-17T10:50:38","date_gmt":"2023-10-17T08:50:38","guid":{"rendered":"https:\/\/www.farmaciavalles.com\/equipo\/"},"modified":"2023-11-29T13:58:03","modified_gmt":"2023-11-29T11:58:03","slug":"equipo","status":"publish","type":"page","link":"https:\/\/www.farmaciavalles.com\/es\/equipo\/","title":{"rendered":"Equipo"},"content":{"rendered":"<div class=\"wpb-content-wrapper\"><p>[vc_section][vc_row][vc_column]<div class=\"wpb_content_element \"><style type=\"text\/css\">#ut_header_69f3184f65149 h2.section-title { font-size:60px !important;letter-spacing:-0.03em; }<\/style><header id=\"ut_header_69f3184f65149\" class=\"section-header  ut-no-title-linebreak-mobile ut-no-lead-linebreak-mobile pt-style-2 header-center header-tablet-center header-mobile-center\"><h2 data-title=\"El equipo de Farmacia del Vall\u00e8s\"  data-responsive-font=\"section_title\" data-responsive-font-settings=\"{&quot;base-font-size&quot;:&quot;global&quot;,&quot;font-size&quot;:{&quot;desktop_large&quot;:&quot;60&quot;},&quot;base-line-height&quot;:&quot;global&quot;,&quot;base-letter-spacing&quot;:&quot;global&quot;,&quot;letter-spacing&quot;:{&quot;desktop_large&quot;:&quot;-0.03&quot;}}\" class=\"section-title  \"><span>El equipo de Farmacia del Vall\u00e8s<\/span><\/h2><div data-delay=\"0\" class=\"lead \"><p>Conf\u00eda en nuestro equipo de profesionales que te dar\u00e1n la atenci\u00f3n personalizada que necesitas. <\/p>\n<\/div><\/header><\/div>[vc_row_inner][vc_column_inner width=\u00bb1\/4&#8243;]<div  class=\"wpb_content_element   clearfix\"><style type=\"text\/css\">#ut_am_69f3184f76681 { opacity: 1; }#ut_am_wrap_69f3184f76686 .ut-image-gallery-item-caption-title h3 { letter-spacing: -0.01em; }#ut_am_wrap_69f3184f76686 .ut-gallery-slider-caption { font-weight: bold; }#ut_am_wrap_69f3184f76686 { text-align: left; }@media (min-width: 768px) and (max-width: 1024px) { #ut_am_wrap_69f3184f76686 { text-align: left !important; } }@media (max-width: 767px) { #ut_am_wrap_69f3184f76686 { text-align: center !important; } }<\/style><div id=\"ut_am_wrap_69f3184f76686\" class=\"ut-image-gallery-image \"><div id=\"ut_reveal_69f3184f76689\"  data-appear-top-offset=\"auto\" class=\"ut-animated-image-item ut-image-gallery-item ut-animation-done \"><a class=\"ut-deactivated-link\" href=\"#\"><div class=\"ut-animated-image-zoom\"><img loading=\"lazy\" decoding=\"async\" class=\"ut-lazy skip-lazy ut-animated-image \"  id=\"ut_am_69f3184f76681\" src=\"data:image\/svg+xml;charset=utf-8,%3Csvg xmlns%3D'http%3A%2F%2Fwww.w3.org%2F2000%2Fsvg' viewBox%3D'0 0 400 600'%2F%3E\" data-src=\"https:\/\/www.farmaciavalles.com\/wp-content\/uploads\/2023\/10\/Alba-Canon.jpg\" width=\"400\" height=\"600\" alt=\"\"\/><\/div><\/a><\/div><\/div><\/div>[vc_column_text]<\/p>\n<h3 style=\"text-align: center; margin-bottom: 0px !important;\">Alba Ca\u00f1\u00f3n<\/h3>\n<p style=\"text-align: center;\">Farmac\u00e9utica titular<\/p>\n<p>[\/vc_column_text][\/vc_column_inner][vc_column_inner width=\u00bb1\/4&#8243;]<div  class=\"wpb_content_element   clearfix\"><style type=\"text\/css\">#ut_am_69f3184f777dd { opacity: 1; }#ut_am_wrap_69f3184f777e1 .ut-image-gallery-item-caption-title h3 { letter-spacing: -0.01em; }#ut_am_wrap_69f3184f777e1 .ut-gallery-slider-caption { font-weight: bold; }#ut_am_wrap_69f3184f777e1 { text-align: left; }@media (min-width: 768px) and (max-width: 1024px) { #ut_am_wrap_69f3184f777e1 { text-align: left !important; } }@media (max-width: 767px) { #ut_am_wrap_69f3184f777e1 { text-align: center !important; } }<\/style><div id=\"ut_am_wrap_69f3184f777e1\" class=\"ut-image-gallery-image \"><div id=\"ut_reveal_69f3184f777e2\"  data-appear-top-offset=\"auto\" class=\"ut-animated-image-item ut-image-gallery-item ut-animation-done \"><a class=\"ut-deactivated-link\" href=\"#\"><div class=\"ut-animated-image-zoom\"><img loading=\"lazy\" decoding=\"async\" class=\"ut-lazy skip-lazy ut-animated-image \"  id=\"ut_am_69f3184f777dd\" src=\"data:image\/svg+xml;charset=utf-8,%3Csvg xmlns%3D'http%3A%2F%2Fwww.w3.org%2F2000%2Fsvg' viewBox%3D'0 0 400 600'%2F%3E\" data-src=\"https:\/\/www.farmaciavalles.com\/wp-content\/uploads\/2023\/10\/Irene-Collado.jpg\" width=\"400\" height=\"600\" alt=\"\"\/><\/div><\/a><\/div><\/div><\/div>[vc_column_text]<\/p>\n<h3 style=\"text-align: center; margin-bottom: 0px !important;\">Irene Collado<\/h3>\n<p style=\"text-align: center;\">T\u00e9cnica en farmacia<\/p>\n<p>[\/vc_column_text][\/vc_column_inner][vc_column_inner width=\u00bb1\/4&#8243;]<div  class=\"wpb_content_element   clearfix\"><style type=\"text\/css\">#ut_am_69f3184f7885a { opacity: 1; }#ut_am_wrap_69f3184f7885e .ut-image-gallery-item-caption-title h3 { letter-spacing: -0.01em; }#ut_am_wrap_69f3184f7885e .ut-gallery-slider-caption { font-weight: bold; }#ut_am_wrap_69f3184f7885e { text-align: left; }@media (min-width: 768px) and (max-width: 1024px) { #ut_am_wrap_69f3184f7885e { text-align: left !important; } }@media (max-width: 767px) { #ut_am_wrap_69f3184f7885e { text-align: center !important; } }<\/style><div id=\"ut_am_wrap_69f3184f7885e\" class=\"ut-image-gallery-image \"><div id=\"ut_reveal_69f3184f7885f\"  data-appear-top-offset=\"auto\" class=\"ut-animated-image-item ut-image-gallery-item ut-animation-done \"><a class=\"ut-deactivated-link\" href=\"#\"><div class=\"ut-animated-image-zoom\"><img loading=\"lazy\" decoding=\"async\" class=\"ut-lazy skip-lazy ut-animated-image \"  id=\"ut_am_69f3184f7885a\" src=\"data:image\/svg+xml;charset=utf-8,%3Csvg xmlns%3D'http%3A%2F%2Fwww.w3.org%2F2000%2Fsvg' viewBox%3D'0 0 400 600'%2F%3E\" data-src=\"https:\/\/www.farmaciavalles.com\/wp-content\/uploads\/2023\/10\/Marta-Matinez.jpg\" width=\"400\" height=\"600\" alt=\"\"\/><\/div><\/a><\/div><\/div><\/div>[vc_column_text]<\/p>\n<h3 style=\"text-align: center; margin-bottom: 0px !important;\">Marta Mart\u00ednez<\/h3>\n<p style=\"text-align: center;\">T\u00e9cnica en farmacia<\/p>\n<p>[\/vc_column_text][\/vc_column_inner][vc_column_inner width=\u00bb1\/4&#8243;]<div  class=\"wpb_content_element   clearfix\"><style type=\"text\/css\">#ut_am_69f3184f798cf { opacity: 1; }#ut_am_wrap_69f3184f798d3 .ut-image-gallery-item-caption-title h3 { letter-spacing: -0.01em; }#ut_am_wrap_69f3184f798d3 .ut-gallery-slider-caption { font-weight: bold; }#ut_am_wrap_69f3184f798d3 { text-align: left; }@media (min-width: 768px) and (max-width: 1024px) { #ut_am_wrap_69f3184f798d3 { text-align: left !important; } }@media (max-width: 767px) { #ut_am_wrap_69f3184f798d3 { text-align: center !important; } }<\/style><div id=\"ut_am_wrap_69f3184f798d3\" class=\"ut-image-gallery-image \"><div id=\"ut_reveal_69f3184f798d5\"  data-appear-top-offset=\"auto\" class=\"ut-animated-image-item ut-image-gallery-item ut-animation-done \"><a class=\"ut-deactivated-link\" href=\"#\"><div class=\"ut-animated-image-zoom\"><img loading=\"lazy\" decoding=\"async\" class=\"ut-lazy skip-lazy ut-animated-image \"  id=\"ut_am_69f3184f798cf\" src=\"data:image\/svg+xml;charset=utf-8,%3Csvg xmlns%3D'http%3A%2F%2Fwww.w3.org%2F2000%2Fsvg' viewBox%3D'0 0 400 600'%2F%3E\" data-src=\"https:\/\/www.farmaciavalles.com\/wp-content\/uploads\/2023\/10\/Elena-Ribas.jpg\" width=\"400\" height=\"600\" alt=\"\"\/><\/div><\/a><\/div><\/div><\/div>[vc_column_text]<\/p>\n<h3 style=\"text-align: center; margin-bottom: 0px !important;\">Elena Ribas<\/h3>\n<p style=\"text-align: center;\">Farmac\u00e9utica sustituta<\/p>\n<p>[\/vc_column_text][\/vc_column_inner][\/vc_row_inner][\/vc_column][\/vc_row][\/vc_section]<\/p>\n<\/div>","protected":false},"excerpt":{"rendered":"<p>[vc_section][vc_row][vc_column][vc_row_inner][vc_column_inner width=\u00bb1\/4&#8243;][vc_column_text] Alba Ca\u00f1\u00f3n Farmac\u00e9utica titular [\/vc_column_text][\/vc_column_inner][vc_column_inner width=\u00bb1\/4&#8243;][vc_column_text] Irene Collado T\u00e9cnica en farmacia [\/vc_column_text][\/vc_column_inner][vc_column_inner width=\u00bb1\/4&#8243;][vc_column_text] Marta Mart\u00ednez T\u00e9cnica en farmacia [\/vc_column_text][\/vc_column_inner][vc_column_inner width=\u00bb1\/4&#8243;][vc_column_text] Elena Ribas Farmac\u00e9utica sustituta [\/vc_column_text][\/vc_column_inner][\/vc_row_inner][\/vc_column][\/vc_row][\/vc_section]<\/p>\n","protected":false},"author":1,"featured_media":0,"parent":0,"menu_order":0,"comment_status":"closed","ping_status":"closed","template":"","meta":{"footnotes":""},"class_list":["post-2411","page","type-page","status-publish","hentry"],"yoast_head":"<!-- This site is optimized with the Yoast SEO plugin v27.5 - https:\/\/yoast.com\/product\/yoast-seo-wordpress\/ -->\n<title>Equipo - Farmacia del Vall\u00e8s<\/title>\n<meta name=\"robots\" content=\"index, follow, max-snippet:-1, max-image-preview:large, max-video-preview:-1\" \/>\n<link rel=\"canonical\" href=\"https:\/\/www.farmaciavalles.com\/es\/equipo\/\" \/>\n<meta property=\"og:locale\" content=\"es_ES\" \/>\n<meta property=\"og:type\" content=\"article\" \/>\n<meta property=\"og:title\" content=\"Equipo - Farmacia del Vall\u00e8s\" \/>\n<meta property=\"og:description\" content=\"[vc_section][vc_row][vc_column][vc_row_inner][vc_column_inner width=\u00bb1\/4&#8243;][vc_column_text] Alba Ca\u00f1\u00f3n Farmac\u00e9utica titular [\/vc_column_text][\/vc_column_inner][vc_column_inner width=\u00bb1\/4&#8243;][vc_column_text] Irene Collado T\u00e9cnica en farmacia [\/vc_column_text][\/vc_column_inner][vc_column_inner width=\u00bb1\/4&#8243;][vc_column_text] Marta Mart\u00ednez T\u00e9cnica en farmacia [\/vc_column_text][\/vc_column_inner][vc_column_inner width=\u00bb1\/4&#8243;][vc_column_text] Elena Ribas Farmac\u00e9utica sustituta [\/vc_column_text][\/vc_column_inner][\/vc_row_inner][\/vc_column][\/vc_row][\/vc_section]\" \/>\n<meta property=\"og:url\" content=\"https:\/\/www.farmaciavalles.com\/es\/equipo\/\" \/>\n<meta property=\"og:site_name\" content=\"Farmacia del Vall\u00e8s\" \/>\n<meta property=\"article:modified_time\" content=\"2023-11-29T11:58:03+00:00\" \/>\n<meta name=\"twitter:card\" content=\"summary_large_image\" \/>\n<meta name=\"twitter:label1\" content=\"Tiempo de lectura\" \/>\n\t<meta name=\"twitter:data1\" content=\"2 minutos\" \/>\n<script type=\"application\/ld+json\" class=\"yoast-schema-graph\">{\"@context\":\"https:\\\/\\\/schema.org\",\"@graph\":[{\"@type\":\"WebPage\",\"@id\":\"https:\\\/\\\/www.farmaciavalles.com\\\/es\\\/equipo\\\/\",\"url\":\"https:\\\/\\\/www.farmaciavalles.com\\\/es\\\/equipo\\\/\",\"name\":\"Equipo - Farmacia del Vall\u00e8s\",\"isPartOf\":{\"@id\":\"https:\\\/\\\/www.farmaciavalles.com\\\/#website\"},\"datePublished\":\"2023-10-17T08:50:38+00:00\",\"dateModified\":\"2023-11-29T11:58:03+00:00\",\"breadcrumb\":{\"@id\":\"https:\\\/\\\/www.farmaciavalles.com\\\/es\\\/equipo\\\/#breadcrumb\"},\"inLanguage\":\"es\",\"potentialAction\":[{\"@type\":\"ReadAction\",\"target\":[\"https:\\\/\\\/www.farmaciavalles.com\\\/es\\\/equipo\\\/\"]}]},{\"@type\":\"BreadcrumbList\",\"@id\":\"https:\\\/\\\/www.farmaciavalles.com\\\/es\\\/equipo\\\/#breadcrumb\",\"itemListElement\":[{\"@type\":\"ListItem\",\"position\":1,\"name\":\"Inici\",\"item\":\"https:\\\/\\\/www.farmaciavalles.com\\\/es\\\/\"},{\"@type\":\"ListItem\",\"position\":2,\"name\":\"Equipo\"}]},{\"@type\":\"WebSite\",\"@id\":\"https:\\\/\\\/www.farmaciavalles.com\\\/#website\",\"url\":\"https:\\\/\\\/www.farmaciavalles.com\\\/\",\"name\":\"Farmacia del Vall\u00e8s\",\"description\":\"Farm\u00e0cia Castellar del Vall\u00e8s\",\"publisher\":{\"@id\":\"https:\\\/\\\/www.farmaciavalles.com\\\/#organization\"},\"potentialAction\":[{\"@type\":\"SearchAction\",\"target\":{\"@type\":\"EntryPoint\",\"urlTemplate\":\"https:\\\/\\\/www.farmaciavalles.com\\\/?s={search_term_string}\"},\"query-input\":{\"@type\":\"PropertyValueSpecification\",\"valueRequired\":true,\"valueName\":\"search_term_string\"}}],\"inLanguage\":\"es\"},{\"@type\":\"Organization\",\"@id\":\"https:\\\/\\\/www.farmaciavalles.com\\\/#organization\",\"name\":\"Farmacia del Vall\u00e8s\",\"url\":\"https:\\\/\\\/www.farmaciavalles.com\\\/\",\"logo\":{\"@type\":\"ImageObject\",\"inLanguage\":\"es\",\"@id\":\"https:\\\/\\\/www.farmaciavalles.com\\\/#\\\/schema\\\/logo\\\/image\\\/\",\"url\":\"https:\\\/\\\/www.farmaciavalles.com\\\/wp-content\\\/uploads\\\/2023\\\/10\\\/logo-farmacia-valles-2.png\",\"contentUrl\":\"https:\\\/\\\/www.farmaciavalles.com\\\/wp-content\\\/uploads\\\/2023\\\/10\\\/logo-farmacia-valles-2.png\",\"width\":512,\"height\":512,\"caption\":\"Farmacia del Vall\u00e8s\"},\"image\":{\"@id\":\"https:\\\/\\\/www.farmaciavalles.com\\\/#\\\/schema\\\/logo\\\/image\\\/\"},\"sameAs\":[\"https:\\\/\\\/www.instagram.com\\\/farmacia_del_valles\\\/\"]}]}<\/script>\n<!-- \/ Yoast SEO plugin. -->","yoast_head_json":{"title":"Equipo - Farmacia del Vall\u00e8s","robots":{"index":"index","follow":"follow","max-snippet":"max-snippet:-1","max-image-preview":"max-image-preview:large","max-video-preview":"max-video-preview:-1"},"canonical":"https:\/\/www.farmaciavalles.com\/es\/equipo\/","og_locale":"es_ES","og_type":"article","og_title":"Equipo - Farmacia del Vall\u00e8s","og_description":"[vc_section][vc_row][vc_column][vc_row_inner][vc_column_inner width=\u00bb1\/4&#8243;][vc_column_text] Alba Ca\u00f1\u00f3n Farmac\u00e9utica titular [\/vc_column_text][\/vc_column_inner][vc_column_inner width=\u00bb1\/4&#8243;][vc_column_text] Irene Collado T\u00e9cnica en farmacia [\/vc_column_text][\/vc_column_inner][vc_column_inner width=\u00bb1\/4&#8243;][vc_column_text] Marta Mart\u00ednez T\u00e9cnica en farmacia [\/vc_column_text][\/vc_column_inner][vc_column_inner width=\u00bb1\/4&#8243;][vc_column_text] Elena Ribas Farmac\u00e9utica sustituta [\/vc_column_text][\/vc_column_inner][\/vc_row_inner][\/vc_column][\/vc_row][\/vc_section]","og_url":"https:\/\/www.farmaciavalles.com\/es\/equipo\/","og_site_name":"Farmacia del Vall\u00e8s","article_modified_time":"2023-11-29T11:58:03+00:00","twitter_card":"summary_large_image","twitter_misc":{"Tiempo de lectura":"2 minutos"},"schema":{"@context":"https:\/\/schema.org","@graph":[{"@type":"WebPage","@id":"https:\/\/www.farmaciavalles.com\/es\/equipo\/","url":"https:\/\/www.farmaciavalles.com\/es\/equipo\/","name":"Equipo - Farmacia del Vall\u00e8s","isPartOf":{"@id":"https:\/\/www.farmaciavalles.com\/#website"},"datePublished":"2023-10-17T08:50:38+00:00","dateModified":"2023-11-29T11:58:03+00:00","breadcrumb":{"@id":"https:\/\/www.farmaciavalles.com\/es\/equipo\/#breadcrumb"},"inLanguage":"es","potentialAction":[{"@type":"ReadAction","target":["https:\/\/www.farmaciavalles.com\/es\/equipo\/"]}]},{"@type":"BreadcrumbList","@id":"https:\/\/www.farmaciavalles.com\/es\/equipo\/#breadcrumb","itemListElement":[{"@type":"ListItem","position":1,"name":"Inici","item":"https:\/\/www.farmaciavalles.com\/es\/"},{"@type":"ListItem","position":2,"name":"Equipo"}]},{"@type":"WebSite","@id":"https:\/\/www.farmaciavalles.com\/#website","url":"https:\/\/www.farmaciavalles.com\/","name":"Farmacia del Vall\u00e8s","description":"Farm\u00e0cia Castellar del Vall\u00e8s","publisher":{"@id":"https:\/\/www.farmaciavalles.com\/#organization"},"potentialAction":[{"@type":"SearchAction","target":{"@type":"EntryPoint","urlTemplate":"https:\/\/www.farmaciavalles.com\/?s={search_term_string}"},"query-input":{"@type":"PropertyValueSpecification","valueRequired":true,"valueName":"search_term_string"}}],"inLanguage":"es"},{"@type":"Organization","@id":"https:\/\/www.farmaciavalles.com\/#organization","name":"Farmacia del Vall\u00e8s","url":"https:\/\/www.farmaciavalles.com\/","logo":{"@type":"ImageObject","inLanguage":"es","@id":"https:\/\/www.farmaciavalles.com\/#\/schema\/logo\/image\/","url":"https:\/\/www.farmaciavalles.com\/wp-content\/uploads\/2023\/10\/logo-farmacia-valles-2.png","contentUrl":"https:\/\/www.farmaciavalles.com\/wp-content\/uploads\/2023\/10\/logo-farmacia-valles-2.png","width":512,"height":512,"caption":"Farmacia del Vall\u00e8s"},"image":{"@id":"https:\/\/www.farmaciavalles.com\/#\/schema\/logo\/image\/"},"sameAs":["https:\/\/www.instagram.com\/farmacia_del_valles\/"]}]}},"_links":{"self":[{"href":"https:\/\/www.farmaciavalles.com\/es\/wp-json\/wp\/v2\/pages\/2411","targetHints":{"allow":["GET"]}}],"collection":[{"href":"https:\/\/www.farmaciavalles.com\/es\/wp-json\/wp\/v2\/pages"}],"about":[{"href":"https:\/\/www.farmaciavalles.com\/es\/wp-json\/wp\/v2\/types\/page"}],"author":[{"embeddable":true,"href":"https:\/\/www.farmaciavalles.com\/es\/wp-json\/wp\/v2\/users\/1"}],"replies":[{"embeddable":true,"href":"https:\/\/www.farmaciavalles.com\/es\/wp-json\/wp\/v2\/comments?post=2411"}],"version-history":[{"count":5,"href":"https:\/\/www.farmaciavalles.com\/es\/wp-json\/wp\/v2\/pages\/2411\/revisions"}],"predecessor-version":[{"id":2549,"href":"https:\/\/www.farmaciavalles.com\/es\/wp-json\/wp\/v2\/pages\/2411\/revisions\/2549"}],"wp:attachment":[{"href":"https:\/\/www.farmaciavalles.com\/es\/wp-json\/wp\/v2\/media?parent=2411"}],"curies":[{"name":"wp","href":"https:\/\/api.w.org\/{rel}","templated":true}]}}